{"id":1246,"date":"2021-09-10T11:40:09","date_gmt":"2021-09-10T11:40:09","guid":{"rendered":"https:\/\/www.slievebloomsnaturereserve.ie\/caomhnu\/"},"modified":"2023-10-03T08:26:07","modified_gmt":"2023-10-03T08:26:07","slug":"caomhnu","status":"publish","type":"page","link":"https:\/\/www.slievebloomsnaturereserve.ie\/ga\/caomhnu\/","title":{"rendered":"Caomhn\u00fa"},"content":{"rendered":"\n<p>Cl\u00fada\u00edonn Anaclann D\u00falra Shliabh Bladhma r\u00e9imse leathan tal\u00fan laistigh de chontaetha Laoise agus U\u00edbh Fhail\u00ed. Buna\u00edodh \u00ed in 1985 chun cosaint an \u00e9iceach\u00f3ras bratphortaigh sl\u00e9ibhe at\u00e1 chomh t\u00e1bhachtach \u00f3 thaobh na h\u00e9iceola\u00edochta de, a chinnti\u00fa.<\/p>\n\n<div class=\"wp-block-columns is-layout-flex wp-container-core-columns-is-layout-9d6595d7 wp-block-columns-is-layout-flex\">\n<div class=\"wp-block-column is-layout-flow wp-block-column-is-layout-flow\"><div class=\"wp-block-image\">\n<figure class=\"aligncenter size-full\"><a href=\"https:\/\/www.slievebloomsnaturereserve.ie\/wp-content\/uploads\/2021\/10\/Dams-scaled.jpg\"><img loading=\"lazy\" decoding=\"async\" width=\"2560\" height=\"1440\" src=\"https:\/\/www.slievebloomsnaturereserve.ie\/wp-content\/uploads\/2021\/10\/Dams-scaled.jpg\" alt=\"Damba&#xED; plaisteacha curtha sa talamh chun t&#xE9;arnamh gn&#xE1;th&#xF3;g a bhainisti&#xFA;\" class=\"wp-image-1077\" srcset=\"https:\/\/www.slievebloomsnaturereserve.ie\/wp-content\/uploads\/2021\/10\/Dams-scaled.jpg 2560w, https:\/\/www.slievebloomsnaturereserve.ie\/wp-content\/uploads\/2021\/10\/Dams-300x169.jpg 300w, https:\/\/www.slievebloomsnaturereserve.ie\/wp-content\/uploads\/2021\/10\/Dams-1024x576.jpg 1024w, https:\/\/www.slievebloomsnaturereserve.ie\/wp-content\/uploads\/2021\/10\/Dams-768x432.jpg 768w, https:\/\/www.slievebloomsnaturereserve.ie\/wp-content\/uploads\/2021\/10\/Dams-1536x864.jpg 1536w, https:\/\/www.slievebloomsnaturereserve.ie\/wp-content\/uploads\/2021\/10\/Dams-2048x1152.jpg 2048w\" sizes=\"auto, (max-width: 2560px) 100vw, 2560px\" \/><\/a><\/figure>\n<\/div><\/div>\n\n\n\n<div class=\"wp-block-column is-layout-flow wp-block-column-is-layout-flow\">\n<p>Ceann de na bagairt\u00ed is tromch\u00fais\u00ed ar an anaclann d\u00falra n\u00e1 scaipeadh na gcrann buairc\u00edneach \u00f3 na pland\u00e1lacha in aice l\u00e1imhe. Chomh maith le leibh\u00e9il uisce agus sreabhadh an uisce ar an bratphortach a athr\u00fa, athra\u00edonn leathadh na mbuairc\u00ednigh fhl\u00f3ra agus f\u00e1na portaigh saintr\u00e9itheach an l\u00e1ithre\u00e1in. T\u00e1 buairc\u00ednigh a mbaint as an Anaclann D\u00falra ag an tSeirbh\u00eds N\u00e1isi\u00fanta P\u00e1irceanna agus Fiadh\u00falra le roinnt blianta anois. Ach n\u00ed m\u00f3r na crainn seo a bhainisti\u00fa go lean\u00fanach i bhfianaise na s\u00edolta a thagann isteach \u00f3 phland\u00e1lacha m\u00e1guaird. Beart amh\u00e1in ab ea bac a chur ar sheand\u00edoganna draen\u00e1la in \u00e1iteanna \u00e1irithe chun an t\u00e1bla uisce a ard\u00fa agus cuidi\u00fa le t\u00e9arnamh gn\u00e1th\u00f3g. \u00c1ir\u00edtear ar ghn\u00edomha\u00edochta\u00ed bainist\u00edochta eile laistigh den anaclann d\u00falra creimeadh tal\u00fan agus rial\u00fa rochtana, forfheidhmi\u00fa an dl\u00ed, faireach\u00e1n ar speicis agus ar dh\u00e1la\u00ed gn\u00e1th\u00f3ige. <em> <\/em><\/p>\n<\/div>\n<\/div>\n","protected":false},"excerpt":{"rendered":"<p>Cl\u00fada\u00edonn Anaclann D\u00falra Shliabh Bladhma r\u00e9imse leathan tal\u00fan laistigh de chontaetha Laoise agus U\u00edbh Fhail\u00ed. Buna\u00edodh \u00ed in 1985 chun cosaint an \u00e9iceach\u00f3ras bratphortaigh sl\u00e9ibhe at\u00e1 chomh t\u00e1bhachtach \u00f3 thaobh na h\u00e9iceola\u00edochta de, a chinnti\u00fa. Ceann de na bagairt\u00ed is tromch\u00fais\u00ed ar an anaclann d\u00falra n\u00e1 scaipeadh na gcrann buairc\u00edneach \u00f3 na pland\u00e1lacha in aice&#8230; <\/p>\n","protected":false},"author":9,"featured_media":0,"parent":0,"menu_order":0,"comment_status":"closed","ping_status":"closed","template":"no-sidebar.php","meta":{"footnotes":""},"class_list":["post-1246","page","type-page","status-publish","hentry"],"yoast_head":"<!-- This site is optimized with the Yoast SEO plugin v27.5 - https:\/\/yoast.com\/product\/yoast-seo-wordpress\/ -->\n<title>Caomhn\u00fa - Anaclann D\u00falra Shliabh Bladhma<\/title>\n<meta name=\"robots\" content=\"index, follow, max-snippet:-1, max-image-preview:large, max-video-preview:-1\" \/>\n<link rel=\"canonical\" href=\"https:\/\/www.slievebloomsnaturereserve.ie\/ga\/caomhnu\/\" \/>\n<meta property=\"og:locale\" content=\"ga_IE\" \/>\n<meta property=\"og:type\" content=\"article\" \/>\n<meta property=\"og:title\" content=\"Caomhn\u00fa - Anaclann D\u00falra Shliabh Bladhma\" \/>\n<meta property=\"og:description\" content=\"Cl\u00fada\u00edonn Anaclann D\u00falra Shliabh Bladhma r\u00e9imse leathan tal\u00fan laistigh de chontaetha Laoise agus U\u00edbh Fhail\u00ed. Buna\u00edodh \u00ed in 1985 chun cosaint an \u00e9iceach\u00f3ras bratphortaigh sl\u00e9ibhe at\u00e1 chomh t\u00e1bhachtach \u00f3 thaobh na h\u00e9iceola\u00edochta de, a chinnti\u00fa. Ceann de na bagairt\u00ed is tromch\u00fais\u00ed ar an anaclann d\u00falra n\u00e1 scaipeadh na gcrann buairc\u00edneach \u00f3 na pland\u00e1lacha in aice...\" \/>\n<meta property=\"og:url\" content=\"https:\/\/www.slievebloomsnaturereserve.ie\/ga\/caomhnu\/\" \/>\n<meta property=\"og:site_name\" content=\"Anaclann D\u00falra Shliabh Bladhma\" \/>\n<meta property=\"article:modified_time\" content=\"2023-10-03T08:26:07+00:00\" \/>\n<meta property=\"og:image\" content=\"https:\/\/www.slievebloomsnaturereserve.ie\/wp-content\/uploads\/2021\/10\/Dams-scaled.jpg\" \/>\n<meta name=\"twitter:card\" content=\"summary_large_image\" \/>\n<meta name=\"twitter:label1\" content=\"Est. reading time\" \/>\n\t<meta name=\"twitter:data1\" content=\"1 minute\" \/>\n<script type=\"application\/ld+json\" class=\"yoast-schema-graph\">{\"@context\":\"https:\\\/\\\/schema.org\",\"@graph\":[{\"@type\":\"WebPage\",\"@id\":\"https:\\\/\\\/www.slievebloomsnaturereserve.ie\\\/ga\\\/caomhnu\\\/\",\"url\":\"https:\\\/\\\/www.slievebloomsnaturereserve.ie\\\/ga\\\/caomhnu\\\/\",\"name\":\"Caomhn\u00fa - Anaclann D\u00falra Shliabh Bladhma\",\"isPartOf\":{\"@id\":\"https:\\\/\\\/www.slievebloomsnaturereserve.ie\\\/ga\\\/#website\"},\"primaryImageOfPage\":{\"@id\":\"https:\\\/\\\/www.slievebloomsnaturereserve.ie\\\/ga\\\/caomhnu\\\/#primaryimage\"},\"image\":{\"@id\":\"https:\\\/\\\/www.slievebloomsnaturereserve.ie\\\/ga\\\/caomhnu\\\/#primaryimage\"},\"thumbnailUrl\":\"https:\\\/\\\/www.slievebloomsnaturereserve.ie\\\/wp-content\\\/uploads\\\/2021\\\/10\\\/Dams-scaled.jpg\",\"datePublished\":\"2021-09-10T11:40:09+00:00\",\"dateModified\":\"2023-10-03T08:26:07+00:00\",\"breadcrumb\":{\"@id\":\"https:\\\/\\\/www.slievebloomsnaturereserve.ie\\\/ga\\\/caomhnu\\\/#breadcrumb\"},\"inLanguage\":\"ga-IE\",\"potentialAction\":[{\"@type\":\"ReadAction\",\"target\":[\"https:\\\/\\\/www.slievebloomsnaturereserve.ie\\\/ga\\\/caomhnu\\\/\"]}]},{\"@type\":\"ImageObject\",\"inLanguage\":\"ga-IE\",\"@id\":\"https:\\\/\\\/www.slievebloomsnaturereserve.ie\\\/ga\\\/caomhnu\\\/#primaryimage\",\"url\":\"https:\\\/\\\/www.slievebloomsnaturereserve.ie\\\/wp-content\\\/uploads\\\/2021\\\/10\\\/Dams-scaled.jpg\",\"contentUrl\":\"https:\\\/\\\/www.slievebloomsnaturereserve.ie\\\/wp-content\\\/uploads\\\/2021\\\/10\\\/Dams-scaled.jpg\"},{\"@type\":\"BreadcrumbList\",\"@id\":\"https:\\\/\\\/www.slievebloomsnaturereserve.ie\\\/ga\\\/caomhnu\\\/#breadcrumb\",\"itemListElement\":[{\"@type\":\"ListItem\",\"position\":1,\"name\":\"Home\",\"item\":\"https:\\\/\\\/www.slievebloomsnaturereserve.ie\\\/ga\\\/\"},{\"@type\":\"ListItem\",\"position\":2,\"name\":\"Caomhn\u00fa\"}]},{\"@type\":\"WebSite\",\"@id\":\"https:\\\/\\\/www.slievebloomsnaturereserve.ie\\\/ga\\\/#website\",\"url\":\"https:\\\/\\\/www.slievebloomsnaturereserve.ie\\\/ga\\\/\",\"name\":\"Wexford Wildfowl Reserve\",\"description\":\"\",\"publisher\":{\"@id\":\"https:\\\/\\\/www.slievebloomsnaturereserve.ie\\\/ga\\\/#organization\"},\"potentialAction\":[{\"@type\":\"SearchAction\",\"target\":{\"@type\":\"EntryPoint\",\"urlTemplate\":\"https:\\\/\\\/www.slievebloomsnaturereserve.ie\\\/ga\\\/?s={search_term_string}\"},\"query-input\":{\"@type\":\"PropertyValueSpecification\",\"valueRequired\":true,\"valueName\":\"search_term_string\"}}],\"inLanguage\":\"ga-IE\"},{\"@type\":\"Organization\",\"@id\":\"https:\\\/\\\/www.slievebloomsnaturereserve.ie\\\/ga\\\/#organization\",\"name\":\"Wexford Wildfowl Reserve\",\"url\":\"https:\\\/\\\/www.slievebloomsnaturereserve.ie\\\/ga\\\/\",\"logo\":{\"@type\":\"ImageObject\",\"inLanguage\":\"ga-IE\",\"@id\":\"https:\\\/\\\/www.slievebloomsnaturereserve.ie\\\/ga\\\/#\\\/schema\\\/logo\\\/image\\\/\",\"url\":\"https:\\\/\\\/www.wexfordwildfowlreserve.ie\\\/wp-content\\\/uploads\\\/2018\\\/10\\\/WWP-sized.png\",\"contentUrl\":\"https:\\\/\\\/www.wexfordwildfowlreserve.ie\\\/wp-content\\\/uploads\\\/2018\\\/10\\\/WWP-sized.png\",\"width\":404,\"height\":100,\"caption\":\"Wexford Wildfowl Reserve\"},\"image\":{\"@id\":\"https:\\\/\\\/www.slievebloomsnaturereserve.ie\\\/ga\\\/#\\\/schema\\\/logo\\\/image\\\/\"}}]}<\/script>\n<!-- \/ Yoast SEO plugin. -->","yoast_head_json":{"title":"Caomhn\u00fa - Anaclann D\u00falra Shliabh Bladhma","robots":{"index":"index","follow":"follow","max-snippet":"max-snippet:-1","max-image-preview":"max-image-preview:large","max-video-preview":"max-video-preview:-1"},"canonical":"https:\/\/www.slievebloomsnaturereserve.ie\/ga\/caomhnu\/","og_locale":"ga_IE","og_type":"article","og_title":"Caomhn\u00fa - Anaclann D\u00falra Shliabh Bladhma","og_description":"Cl\u00fada\u00edonn Anaclann D\u00falra Shliabh Bladhma r\u00e9imse leathan tal\u00fan laistigh de chontaetha Laoise agus U\u00edbh Fhail\u00ed. Buna\u00edodh \u00ed in 1985 chun cosaint an \u00e9iceach\u00f3ras bratphortaigh sl\u00e9ibhe at\u00e1 chomh t\u00e1bhachtach \u00f3 thaobh na h\u00e9iceola\u00edochta de, a chinnti\u00fa. Ceann de na bagairt\u00ed is tromch\u00fais\u00ed ar an anaclann d\u00falra n\u00e1 scaipeadh na gcrann buairc\u00edneach \u00f3 na pland\u00e1lacha in aice...","og_url":"https:\/\/www.slievebloomsnaturereserve.ie\/ga\/caomhnu\/","og_site_name":"Anaclann D\u00falra Shliabh Bladhma","article_modified_time":"2023-10-03T08:26:07+00:00","og_image":[{"url":"https:\/\/www.slievebloomsnaturereserve.ie\/wp-content\/uploads\/2021\/10\/Dams-scaled.jpg","type":"","width":"","height":""}],"twitter_card":"summary_large_image","twitter_misc":{"Est. reading time":"1 minute"},"schema":{"@context":"https:\/\/schema.org","@graph":[{"@type":"WebPage","@id":"https:\/\/www.slievebloomsnaturereserve.ie\/ga\/caomhnu\/","url":"https:\/\/www.slievebloomsnaturereserve.ie\/ga\/caomhnu\/","name":"Caomhn\u00fa - Anaclann D\u00falra Shliabh Bladhma","isPartOf":{"@id":"https:\/\/www.slievebloomsnaturereserve.ie\/ga\/#website"},"primaryImageOfPage":{"@id":"https:\/\/www.slievebloomsnaturereserve.ie\/ga\/caomhnu\/#primaryimage"},"image":{"@id":"https:\/\/www.slievebloomsnaturereserve.ie\/ga\/caomhnu\/#primaryimage"},"thumbnailUrl":"https:\/\/www.slievebloomsnaturereserve.ie\/wp-content\/uploads\/2021\/10\/Dams-scaled.jpg","datePublished":"2021-09-10T11:40:09+00:00","dateModified":"2023-10-03T08:26:07+00:00","breadcrumb":{"@id":"https:\/\/www.slievebloomsnaturereserve.ie\/ga\/caomhnu\/#breadcrumb"},"inLanguage":"ga-IE","potentialAction":[{"@type":"ReadAction","target":["https:\/\/www.slievebloomsnaturereserve.ie\/ga\/caomhnu\/"]}]},{"@type":"ImageObject","inLanguage":"ga-IE","@id":"https:\/\/www.slievebloomsnaturereserve.ie\/ga\/caomhnu\/#primaryimage","url":"https:\/\/www.slievebloomsnaturereserve.ie\/wp-content\/uploads\/2021\/10\/Dams-scaled.jpg","contentUrl":"https:\/\/www.slievebloomsnaturereserve.ie\/wp-content\/uploads\/2021\/10\/Dams-scaled.jpg"},{"@type":"BreadcrumbList","@id":"https:\/\/www.slievebloomsnaturereserve.ie\/ga\/caomhnu\/#breadcrumb","itemListElement":[{"@type":"ListItem","position":1,"name":"Home","item":"https:\/\/www.slievebloomsnaturereserve.ie\/ga\/"},{"@type":"ListItem","position":2,"name":"Caomhn\u00fa"}]},{"@type":"WebSite","@id":"https:\/\/www.slievebloomsnaturereserve.ie\/ga\/#website","url":"https:\/\/www.slievebloomsnaturereserve.ie\/ga\/","name":"Wexford Wildfowl Reserve","description":"","publisher":{"@id":"https:\/\/www.slievebloomsnaturereserve.ie\/ga\/#organization"},"potentialAction":[{"@type":"SearchAction","target":{"@type":"EntryPoint","urlTemplate":"https:\/\/www.slievebloomsnaturereserve.ie\/ga\/?s={search_term_string}"},"query-input":{"@type":"PropertyValueSpecification","valueRequired":true,"valueName":"search_term_string"}}],"inLanguage":"ga-IE"},{"@type":"Organization","@id":"https:\/\/www.slievebloomsnaturereserve.ie\/ga\/#organization","name":"Wexford Wildfowl Reserve","url":"https:\/\/www.slievebloomsnaturereserve.ie\/ga\/","logo":{"@type":"ImageObject","inLanguage":"ga-IE","@id":"https:\/\/www.slievebloomsnaturereserve.ie\/ga\/#\/schema\/logo\/image\/","url":"https:\/\/www.wexfordwildfowlreserve.ie\/wp-content\/uploads\/2018\/10\/WWP-sized.png","contentUrl":"https:\/\/www.wexfordwildfowlreserve.ie\/wp-content\/uploads\/2018\/10\/WWP-sized.png","width":404,"height":100,"caption":"Wexford Wildfowl Reserve"},"image":{"@id":"https:\/\/www.slievebloomsnaturereserve.ie\/ga\/#\/schema\/logo\/image\/"}}]}},"jetpack_sharing_enabled":true,"_links":{"self":[{"href":"https:\/\/www.slievebloomsnaturereserve.ie\/ga\/wp-json\/wp\/v2\/pages\/1246","targetHints":{"allow":["GET"]}}],"collection":[{"href":"https:\/\/www.slievebloomsnaturereserve.ie\/ga\/wp-json\/wp\/v2\/pages"}],"about":[{"href":"https:\/\/www.slievebloomsnaturereserve.ie\/ga\/wp-json\/wp\/v2\/types\/page"}],"author":[{"embeddable":true,"href":"https:\/\/www.slievebloomsnaturereserve.ie\/ga\/wp-json\/wp\/v2\/users\/9"}],"replies":[{"embeddable":true,"href":"https:\/\/www.slievebloomsnaturereserve.ie\/ga\/wp-json\/wp\/v2\/comments?post=1246"}],"version-history":[{"count":4,"href":"https:\/\/www.slievebloomsnaturereserve.ie\/ga\/wp-json\/wp\/v2\/pages\/1246\/revisions"}],"predecessor-version":[{"id":1336,"href":"https:\/\/www.slievebloomsnaturereserve.ie\/ga\/wp-json\/wp\/v2\/pages\/1246\/revisions\/1336"}],"wp:attachment":[{"href":"https:\/\/www.slievebloomsnaturereserve.ie\/ga\/wp-json\/wp\/v2\/media?parent=1246"}],"curies":[{"name":"wp","href":"https:\/\/api.w.org\/{rel}","templated":true}]}}