{"id":1248,"date":"2021-09-06T10:51:48","date_gmt":"2021-09-06T10:51:48","guid":{"rendered":"https:\/\/www.slievebloomsnaturereserve.ie\/gnathoga\/"},"modified":"2023-10-03T08:26:51","modified_gmt":"2023-10-03T08:26:51","slug":"gnathoga","status":"publish","type":"page","link":"https:\/\/www.slievebloomsnaturereserve.ie\/ga\/gnathoga\/","title":{"rendered":"Gn\u00e1th\u00f3ga"},"content":{"rendered":"\n<p>As Sean-Ghaineamhchloch Rua at\u00e1 na sl\u00e9ibhte d\u00e9anta, agus iad suite ar shraith de charraigeacha Siol\u00faracha. M\u00f3rthimpeall orthu t\u00e1 an machaire r\u00e9idh aolchloiche as a bhfuil formh\u00f3r L\u00e1r-R\u00e9igi\u00fan na h\u00c9ireann d\u00e9anta. N\u00ed creaga at\u00e1 ar bharr na sl\u00e9ibhte seo ach ardchl\u00e1r n\u00f3 talamh maolaithe ar furasta bratphortach sl\u00e9ibhe a leagan s\u00edos air. Meastar go bhfuil Sliabh Bladhma ar cheann de na c\u00f3rais bhratphortaigh sl\u00e9ibhe is fearr in \u00c9irinn, agus is l\u00fa athr\u00fa \u00f3 leagadh s\u00edos \u00e9. In ardtailte mar Shl\u00e9ibhte Shliabh Bladhma, crutha\u00edodh tailte m\u00f3na at\u00e1 coitianta anseo mar thoradh ar an l\u00e1isteadh mianra\u00ed ithreacha agus ar an leathbh\u00e1 a leanann ardr\u00e1ta b\u00e1ist\u00ed.<\/p>\n\n<p>Is gn\u00e1ch do mh\u00f3in i mbratphortaigh a bheith n\u00edos doimhne n\u00e1 m\u00e9adar amh\u00e1in. Is gn\u00e1ch go mb\u00edonn doimhneacht mh\u00f3na 0.5 m\u00e9adar n\u00f3 n\u00edos l\u00fa ag fraochmh\u00e1nna n\u00edos tirime agus baintear \u00fas\u00e1id as an ngn\u00e9 seo mar riail chun idirdheal\u00fa a dh\u00e9anamh idir an d\u00e1 ghn\u00e1th\u00f3g, agus is mar sin a idirdheala\u00edtear idir an d\u00e1 ghn\u00e1th\u00f3g, at\u00e1 araon le f\u00e1il san anaclann d\u00falra seo.<\/p>\n\n<p>T\u00e1 t\u00e1bhacht \u00e9iceola\u00edoch ollmh\u00f3r ag na bratphortaigh. De bhr\u00ed go n-ions\u00faitear m\u00e9ideanna ollmh\u00f3ra b\u00e1ist\u00ed iontu, is cuidi\u00fa m\u00f3r iad chun tuilte a chosc. T\u00e1 feidhm r\u00edth\u00e1bhachtach acu maidir le carb\u00f3n a st\u00f3r\u00e1il, ag rial\u00fa na ng\u00e1s ceaptha teasa a mh\u00e9ada\u00edonn athr\u00fa aer\u00e1ide.<\/p>\n\n<p>Is \u00e9 an pr\u00edomhchrann an Sitceach (picea sitchensis) agus an p\u00e9ine cont\u00f3rtach (pinus contorta). Is f\u00e9arach garbh den chuid is m\u00f3 a \u00fas\u00e1idtear le haghaidh feirmeoireachta sl\u00e9ibhe at\u00e1 sa chuid eile den l\u00e1ithre\u00e1n.<\/p>\n\n<div class=\"wp-block-columns is-layout-flex wp-container-core-columns-is-layout-9d6595d7 wp-block-columns-is-layout-flex\">\n<div class=\"wp-block-column is-layout-flow wp-block-column-is-layout-flow\"><div class=\"wp-block-image\">\n<figure class=\"aligncenter size-full\"><a href=\"https:\/\/www.slievebloomsnaturereserve.ie\/wp-content\/uploads\/2021\/10\/Dossaun-scaled.jpg\"><img loading=\"lazy\" decoding=\"async\" width=\"2560\" height=\"1920\" src=\"https:\/\/www.slievebloomsnaturereserve.ie\/wp-content\/uploads\/2021\/10\/Dossaun-scaled.jpg\" alt=\"Sliabh Dosaun, Sliabh Bladhma\" class=\"wp-image-1100\" srcset=\"https:\/\/www.slievebloomsnaturereserve.ie\/wp-content\/uploads\/2021\/10\/Dossaun-scaled.jpg 2560w, https:\/\/www.slievebloomsnaturereserve.ie\/wp-content\/uploads\/2021\/10\/Dossaun-300x225.jpg 300w, https:\/\/www.slievebloomsnaturereserve.ie\/wp-content\/uploads\/2021\/10\/Dossaun-1024x768.jpg 1024w, https:\/\/www.slievebloomsnaturereserve.ie\/wp-content\/uploads\/2021\/10\/Dossaun-768x576.jpg 768w, https:\/\/www.slievebloomsnaturereserve.ie\/wp-content\/uploads\/2021\/10\/Dossaun-1536x1152.jpg 1536w, https:\/\/www.slievebloomsnaturereserve.ie\/wp-content\/uploads\/2021\/10\/Dossaun-2048x1536.jpg 2048w\" sizes=\"auto, (max-width: 2560px) 100vw, 2560px\" \/><\/a><\/figure>\n<\/div><\/div>\n\n\n\n<div class=\"wp-block-column is-layout-flow wp-block-column-is-layout-flow\"><div class=\"wp-block-image\">\n<figure class=\"aligncenter size-full\"><a href=\"https:\/\/www.slievebloomsnaturereserve.ie\/wp-content\/uploads\/2021\/10\/cropped-Dossaun2.jpg\"><img loading=\"lazy\" decoding=\"async\" width=\"2560\" height=\"1920\" src=\"https:\/\/www.slievebloomsnaturereserve.ie\/wp-content\/uploads\/2021\/10\/cropped-Dossaun2.jpg\" alt=\"Dosaun\" class=\"wp-image-1110\" srcset=\"https:\/\/www.slievebloomsnaturereserve.ie\/wp-content\/uploads\/2021\/10\/cropped-Dossaun2.jpg 2560w, https:\/\/www.slievebloomsnaturereserve.ie\/wp-content\/uploads\/2021\/10\/cropped-Dossaun2-300x225.jpg 300w, https:\/\/www.slievebloomsnaturereserve.ie\/wp-content\/uploads\/2021\/10\/cropped-Dossaun2-1024x768.jpg 1024w, https:\/\/www.slievebloomsnaturereserve.ie\/wp-content\/uploads\/2021\/10\/cropped-Dossaun2-768x576.jpg 768w, https:\/\/www.slievebloomsnaturereserve.ie\/wp-content\/uploads\/2021\/10\/cropped-Dossaun2-1536x1152.jpg 1536w, https:\/\/www.slievebloomsnaturereserve.ie\/wp-content\/uploads\/2021\/10\/cropped-Dossaun2-2048x1536.jpg 2048w\" sizes=\"auto, (max-width: 2560px) 100vw, 2560px\" \/><\/a><\/figure>\n<\/div><\/div>\n<\/div>\n","protected":false},"excerpt":{"rendered":"<p>As Sean-Ghaineamhchloch Rua at\u00e1 na sl\u00e9ibhte d\u00e9anta, agus iad suite ar shraith de charraigeacha Siol\u00faracha. M\u00f3rthimpeall orthu t\u00e1 an machaire r\u00e9idh aolchloiche as a bhfuil formh\u00f3r L\u00e1r-R\u00e9igi\u00fan na h\u00c9ireann d\u00e9anta. N\u00ed creaga at\u00e1 ar bharr na sl\u00e9ibhte seo ach ardchl\u00e1r n\u00f3 talamh maolaithe ar furasta bratphortach sl\u00e9ibhe a leagan s\u00edos air. Meastar go bhfuil Sliabh&#8230; <\/p>\n","protected":false},"author":9,"featured_media":0,"parent":0,"menu_order":0,"comment_status":"closed","ping_status":"closed","template":"no-sidebar.php","meta":{"footnotes":""},"class_list":["post-1248","page","type-page","status-publish","hentry"],"yoast_head":"<!-- This site is optimized with the Yoast SEO plugin v27.5 - https:\/\/yoast.com\/product\/yoast-seo-wordpress\/ -->\n<title>Gn\u00e1th\u00f3ga - Anaclann D\u00falra Shliabh Bladhma<\/title>\n<meta name=\"robots\" content=\"index, follow, max-snippet:-1, max-image-preview:large, max-video-preview:-1\" \/>\n<link rel=\"canonical\" href=\"https:\/\/www.slievebloomsnaturereserve.ie\/ga\/gnathoga\/\" \/>\n<meta property=\"og:locale\" content=\"ga_IE\" \/>\n<meta property=\"og:type\" content=\"article\" \/>\n<meta property=\"og:title\" content=\"Gn\u00e1th\u00f3ga - Anaclann D\u00falra Shliabh Bladhma\" \/>\n<meta property=\"og:description\" content=\"As Sean-Ghaineamhchloch Rua at\u00e1 na sl\u00e9ibhte d\u00e9anta, agus iad suite ar shraith de charraigeacha Siol\u00faracha. M\u00f3rthimpeall orthu t\u00e1 an machaire r\u00e9idh aolchloiche as a bhfuil formh\u00f3r L\u00e1r-R\u00e9igi\u00fan na h\u00c9ireann d\u00e9anta. N\u00ed creaga at\u00e1 ar bharr na sl\u00e9ibhte seo ach ardchl\u00e1r n\u00f3 talamh maolaithe ar furasta bratphortach sl\u00e9ibhe a leagan s\u00edos air. Meastar go bhfuil Sliabh...\" \/>\n<meta property=\"og:url\" content=\"https:\/\/www.slievebloomsnaturereserve.ie\/ga\/gnathoga\/\" \/>\n<meta property=\"og:site_name\" content=\"Anaclann D\u00falra Shliabh Bladhma\" \/>\n<meta property=\"article:modified_time\" content=\"2023-10-03T08:26:51+00:00\" \/>\n<meta property=\"og:image\" content=\"https:\/\/www.slievebloomsnaturereserve.ie\/wp-content\/uploads\/2021\/10\/Dossaun-scaled.jpg\" \/>\n<meta name=\"twitter:card\" content=\"summary_large_image\" \/>\n<meta name=\"twitter:label1\" content=\"Est. reading time\" \/>\n\t<meta name=\"twitter:data1\" content=\"2 minutes\" \/>\n<script type=\"application\/ld+json\" class=\"yoast-schema-graph\">{\"@context\":\"https:\\\/\\\/schema.org\",\"@graph\":[{\"@type\":\"WebPage\",\"@id\":\"https:\\\/\\\/www.slievebloomsnaturereserve.ie\\\/ga\\\/gnathoga\\\/\",\"url\":\"https:\\\/\\\/www.slievebloomsnaturereserve.ie\\\/ga\\\/gnathoga\\\/\",\"name\":\"Gn\u00e1th\u00f3ga - Anaclann D\u00falra Shliabh Bladhma\",\"isPartOf\":{\"@id\":\"https:\\\/\\\/www.slievebloomsnaturereserve.ie\\\/ga\\\/#website\"},\"primaryImageOfPage\":{\"@id\":\"https:\\\/\\\/www.slievebloomsnaturereserve.ie\\\/ga\\\/gnathoga\\\/#primaryimage\"},\"image\":{\"@id\":\"https:\\\/\\\/www.slievebloomsnaturereserve.ie\\\/ga\\\/gnathoga\\\/#primaryimage\"},\"thumbnailUrl\":\"https:\\\/\\\/www.slievebloomsnaturereserve.ie\\\/wp-content\\\/uploads\\\/2021\\\/10\\\/Dossaun-scaled.jpg\",\"datePublished\":\"2021-09-06T10:51:48+00:00\",\"dateModified\":\"2023-10-03T08:26:51+00:00\",\"breadcrumb\":{\"@id\":\"https:\\\/\\\/www.slievebloomsnaturereserve.ie\\\/ga\\\/gnathoga\\\/#breadcrumb\"},\"inLanguage\":\"ga-IE\",\"potentialAction\":[{\"@type\":\"ReadAction\",\"target\":[\"https:\\\/\\\/www.slievebloomsnaturereserve.ie\\\/ga\\\/gnathoga\\\/\"]}]},{\"@type\":\"ImageObject\",\"inLanguage\":\"ga-IE\",\"@id\":\"https:\\\/\\\/www.slievebloomsnaturereserve.ie\\\/ga\\\/gnathoga\\\/#primaryimage\",\"url\":\"https:\\\/\\\/www.slievebloomsnaturereserve.ie\\\/wp-content\\\/uploads\\\/2021\\\/10\\\/Dossaun-scaled.jpg\",\"contentUrl\":\"https:\\\/\\\/www.slievebloomsnaturereserve.ie\\\/wp-content\\\/uploads\\\/2021\\\/10\\\/Dossaun-scaled.jpg\"},{\"@type\":\"BreadcrumbList\",\"@id\":\"https:\\\/\\\/www.slievebloomsnaturereserve.ie\\\/ga\\\/gnathoga\\\/#breadcrumb\",\"itemListElement\":[{\"@type\":\"ListItem\",\"position\":1,\"name\":\"Home\",\"item\":\"https:\\\/\\\/www.slievebloomsnaturereserve.ie\\\/ga\\\/\"},{\"@type\":\"ListItem\",\"position\":2,\"name\":\"Gn\u00e1th\u00f3ga\"}]},{\"@type\":\"WebSite\",\"@id\":\"https:\\\/\\\/www.slievebloomsnaturereserve.ie\\\/ga\\\/#website\",\"url\":\"https:\\\/\\\/www.slievebloomsnaturereserve.ie\\\/ga\\\/\",\"name\":\"Wexford Wildfowl Reserve\",\"description\":\"\",\"publisher\":{\"@id\":\"https:\\\/\\\/www.slievebloomsnaturereserve.ie\\\/ga\\\/#organization\"},\"potentialAction\":[{\"@type\":\"SearchAction\",\"target\":{\"@type\":\"EntryPoint\",\"urlTemplate\":\"https:\\\/\\\/www.slievebloomsnaturereserve.ie\\\/ga\\\/?s={search_term_string}\"},\"query-input\":{\"@type\":\"PropertyValueSpecification\",\"valueRequired\":true,\"valueName\":\"search_term_string\"}}],\"inLanguage\":\"ga-IE\"},{\"@type\":\"Organization\",\"@id\":\"https:\\\/\\\/www.slievebloomsnaturereserve.ie\\\/ga\\\/#organization\",\"name\":\"Wexford Wildfowl Reserve\",\"url\":\"https:\\\/\\\/www.slievebloomsnaturereserve.ie\\\/ga\\\/\",\"logo\":{\"@type\":\"ImageObject\",\"inLanguage\":\"ga-IE\",\"@id\":\"https:\\\/\\\/www.slievebloomsnaturereserve.ie\\\/ga\\\/#\\\/schema\\\/logo\\\/image\\\/\",\"url\":\"https:\\\/\\\/www.wexfordwildfowlreserve.ie\\\/wp-content\\\/uploads\\\/2018\\\/10\\\/WWP-sized.png\",\"contentUrl\":\"https:\\\/\\\/www.wexfordwildfowlreserve.ie\\\/wp-content\\\/uploads\\\/2018\\\/10\\\/WWP-sized.png\",\"width\":404,\"height\":100,\"caption\":\"Wexford Wildfowl Reserve\"},\"image\":{\"@id\":\"https:\\\/\\\/www.slievebloomsnaturereserve.ie\\\/ga\\\/#\\\/schema\\\/logo\\\/image\\\/\"}}]}<\/script>\n<!-- \/ Yoast SEO plugin. -->","yoast_head_json":{"title":"Gn\u00e1th\u00f3ga - Anaclann D\u00falra Shliabh Bladhma","robots":{"index":"index","follow":"follow","max-snippet":"max-snippet:-1","max-image-preview":"max-image-preview:large","max-video-preview":"max-video-preview:-1"},"canonical":"https:\/\/www.slievebloomsnaturereserve.ie\/ga\/gnathoga\/","og_locale":"ga_IE","og_type":"article","og_title":"Gn\u00e1th\u00f3ga - Anaclann D\u00falra Shliabh Bladhma","og_description":"As Sean-Ghaineamhchloch Rua at\u00e1 na sl\u00e9ibhte d\u00e9anta, agus iad suite ar shraith de charraigeacha Siol\u00faracha. M\u00f3rthimpeall orthu t\u00e1 an machaire r\u00e9idh aolchloiche as a bhfuil formh\u00f3r L\u00e1r-R\u00e9igi\u00fan na h\u00c9ireann d\u00e9anta. N\u00ed creaga at\u00e1 ar bharr na sl\u00e9ibhte seo ach ardchl\u00e1r n\u00f3 talamh maolaithe ar furasta bratphortach sl\u00e9ibhe a leagan s\u00edos air. Meastar go bhfuil Sliabh...","og_url":"https:\/\/www.slievebloomsnaturereserve.ie\/ga\/gnathoga\/","og_site_name":"Anaclann D\u00falra Shliabh Bladhma","article_modified_time":"2023-10-03T08:26:51+00:00","og_image":[{"url":"https:\/\/www.slievebloomsnaturereserve.ie\/wp-content\/uploads\/2021\/10\/Dossaun-scaled.jpg","type":"","width":"","height":""}],"twitter_card":"summary_large_image","twitter_misc":{"Est. reading time":"2 minutes"},"schema":{"@context":"https:\/\/schema.org","@graph":[{"@type":"WebPage","@id":"https:\/\/www.slievebloomsnaturereserve.ie\/ga\/gnathoga\/","url":"https:\/\/www.slievebloomsnaturereserve.ie\/ga\/gnathoga\/","name":"Gn\u00e1th\u00f3ga - Anaclann D\u00falra Shliabh Bladhma","isPartOf":{"@id":"https:\/\/www.slievebloomsnaturereserve.ie\/ga\/#website"},"primaryImageOfPage":{"@id":"https:\/\/www.slievebloomsnaturereserve.ie\/ga\/gnathoga\/#primaryimage"},"image":{"@id":"https:\/\/www.slievebloomsnaturereserve.ie\/ga\/gnathoga\/#primaryimage"},"thumbnailUrl":"https:\/\/www.slievebloomsnaturereserve.ie\/wp-content\/uploads\/2021\/10\/Dossaun-scaled.jpg","datePublished":"2021-09-06T10:51:48+00:00","dateModified":"2023-10-03T08:26:51+00:00","breadcrumb":{"@id":"https:\/\/www.slievebloomsnaturereserve.ie\/ga\/gnathoga\/#breadcrumb"},"inLanguage":"ga-IE","potentialAction":[{"@type":"ReadAction","target":["https:\/\/www.slievebloomsnaturereserve.ie\/ga\/gnathoga\/"]}]},{"@type":"ImageObject","inLanguage":"ga-IE","@id":"https:\/\/www.slievebloomsnaturereserve.ie\/ga\/gnathoga\/#primaryimage","url":"https:\/\/www.slievebloomsnaturereserve.ie\/wp-content\/uploads\/2021\/10\/Dossaun-scaled.jpg","contentUrl":"https:\/\/www.slievebloomsnaturereserve.ie\/wp-content\/uploads\/2021\/10\/Dossaun-scaled.jpg"},{"@type":"BreadcrumbList","@id":"https:\/\/www.slievebloomsnaturereserve.ie\/ga\/gnathoga\/#breadcrumb","itemListElement":[{"@type":"ListItem","position":1,"name":"Home","item":"https:\/\/www.slievebloomsnaturereserve.ie\/ga\/"},{"@type":"ListItem","position":2,"name":"Gn\u00e1th\u00f3ga"}]},{"@type":"WebSite","@id":"https:\/\/www.slievebloomsnaturereserve.ie\/ga\/#website","url":"https:\/\/www.slievebloomsnaturereserve.ie\/ga\/","name":"Wexford Wildfowl Reserve","description":"","publisher":{"@id":"https:\/\/www.slievebloomsnaturereserve.ie\/ga\/#organization"},"potentialAction":[{"@type":"SearchAction","target":{"@type":"EntryPoint","urlTemplate":"https:\/\/www.slievebloomsnaturereserve.ie\/ga\/?s={search_term_string}"},"query-input":{"@type":"PropertyValueSpecification","valueRequired":true,"valueName":"search_term_string"}}],"inLanguage":"ga-IE"},{"@type":"Organization","@id":"https:\/\/www.slievebloomsnaturereserve.ie\/ga\/#organization","name":"Wexford Wildfowl Reserve","url":"https:\/\/www.slievebloomsnaturereserve.ie\/ga\/","logo":{"@type":"ImageObject","inLanguage":"ga-IE","@id":"https:\/\/www.slievebloomsnaturereserve.ie\/ga\/#\/schema\/logo\/image\/","url":"https:\/\/www.wexfordwildfowlreserve.ie\/wp-content\/uploads\/2018\/10\/WWP-sized.png","contentUrl":"https:\/\/www.wexfordwildfowlreserve.ie\/wp-content\/uploads\/2018\/10\/WWP-sized.png","width":404,"height":100,"caption":"Wexford Wildfowl Reserve"},"image":{"@id":"https:\/\/www.slievebloomsnaturereserve.ie\/ga\/#\/schema\/logo\/image\/"}}]}},"jetpack_sharing_enabled":true,"_links":{"self":[{"href":"https:\/\/www.slievebloomsnaturereserve.ie\/ga\/wp-json\/wp\/v2\/pages\/1248","targetHints":{"allow":["GET"]}}],"collection":[{"href":"https:\/\/www.slievebloomsnaturereserve.ie\/ga\/wp-json\/wp\/v2\/pages"}],"about":[{"href":"https:\/\/www.slievebloomsnaturereserve.ie\/ga\/wp-json\/wp\/v2\/types\/page"}],"author":[{"embeddable":true,"href":"https:\/\/www.slievebloomsnaturereserve.ie\/ga\/wp-json\/wp\/v2\/users\/9"}],"replies":[{"embeddable":true,"href":"https:\/\/www.slievebloomsnaturereserve.ie\/ga\/wp-json\/wp\/v2\/comments?post=1248"}],"version-history":[{"count":4,"href":"https:\/\/www.slievebloomsnaturereserve.ie\/ga\/wp-json\/wp\/v2\/pages\/1248\/revisions"}],"predecessor-version":[{"id":1348,"href":"https:\/\/www.slievebloomsnaturereserve.ie\/ga\/wp-json\/wp\/v2\/pages\/1248\/revisions\/1348"}],"wp:attachment":[{"href":"https:\/\/www.slievebloomsnaturereserve.ie\/ga\/wp-json\/wp\/v2\/media?parent=1248"}],"curies":[{"name":"wp","href":"https:\/\/api.w.org\/{rel}","templated":true}]}}